{"id":161,"date":"2020-03-18T11:07:13","date_gmt":"2020-03-18T10:07:13","guid":{"rendered":"http:\/\/nordnordwest.de\/wordpress\/?page_id=161"},"modified":"2026-04-16T17:15:32","modified_gmt":"2026-04-16T15:15:32","slug":"recent-past","status":"publish","type":"page","link":"https:\/\/nordnordwest.de\/wordpress\/recent-past\/","title":{"rendered":"Past"},"content":{"rendered":"\n<p class=\"has-text-align-center has-large-font-size\">&#8222;<strong>Smile&#8220; in the<\/strong> <strong>TanzAreal Benefiz Gala in March<\/strong><\/p>\n\n\n\n<figure class=\"wp-block-image size-large\"><img loading=\"lazy\" decoding=\"async\" width=\"1024\" height=\"683\" src=\"https:\/\/nordnordwest.de\/wordpress\/wp-content\/uploads\/2026\/04\/web_20260307_B003_Charlotte_Bell_Smile-1024x683.jpg\" alt=\"\" class=\"wp-image-706\" srcset=\"https:\/\/nordnordwest.de\/wordpress\/wp-content\/uploads\/2026\/04\/web_20260307_B003_Charlotte_Bell_Smile-1024x683.jpg 1024w, https:\/\/nordnordwest.de\/wordpress\/wp-content\/uploads\/2026\/04\/web_20260307_B003_Charlotte_Bell_Smile-300x200.jpg 300w, https:\/\/nordnordwest.de\/wordpress\/wp-content\/uploads\/2026\/04\/web_20260307_B003_Charlotte_Bell_Smile-768x512.jpg 768w, https:\/\/nordnordwest.de\/wordpress\/wp-content\/uploads\/2026\/04\/web_20260307_B003_Charlotte_Bell_Smile-1536x1025.jpg 1536w, https:\/\/nordnordwest.de\/wordpress\/wp-content\/uploads\/2026\/04\/web_20260307_B003_Charlotte_Bell_Smile.jpg 1919w\" sizes=\"auto, (max-width: 767px) 89vw, (max-width: 1000px) 54vw, (max-width: 1071px) 543px, 580px\" \/><\/figure>\n\n\n\n<figure class=\"wp-block-image size-large\"><img loading=\"lazy\" decoding=\"async\" width=\"1024\" height=\"683\" src=\"https:\/\/nordnordwest.de\/wordpress\/wp-content\/uploads\/2026\/04\/web_20260307_B010_Charlotte_Bell_Smile-1024x683.jpg\" alt=\"\" class=\"wp-image-707\" srcset=\"https:\/\/nordnordwest.de\/wordpress\/wp-content\/uploads\/2026\/04\/web_20260307_B010_Charlotte_Bell_Smile-1024x683.jpg 1024w, https:\/\/nordnordwest.de\/wordpress\/wp-content\/uploads\/2026\/04\/web_20260307_B010_Charlotte_Bell_Smile-300x200.jpg 300w, https:\/\/nordnordwest.de\/wordpress\/wp-content\/uploads\/2026\/04\/web_20260307_B010_Charlotte_Bell_Smile-768x512.jpg 768w, https:\/\/nordnordwest.de\/wordpress\/wp-content\/uploads\/2026\/04\/web_20260307_B010_Charlotte_Bell_Smile-1536x1025.jpg 1536w, https:\/\/nordnordwest.de\/wordpress\/wp-content\/uploads\/2026\/04\/web_20260307_B010_Charlotte_Bell_Smile.jpg 1919w\" sizes=\"auto, (max-width: 767px) 89vw, (max-width: 1000px) 54vw, (max-width: 1071px) 543px, 580px\" \/><\/figure>\n\n\n\n<p class=\"has-text-align-center has-large-font-size\"><strong>Under Construction <\/strong><\/p>\n\n\n\n<p class=\"has-text-align-center\">restaged in P8, Karlsruhe and F Lab, Frankfurt<\/p>\n\n\n\n<figure class=\"wp-block-embed aligncenter is-type-video is-provider-vimeo wp-block-embed-vimeo\"><div class=\"wp-block-embed__wrapper\">\n<iframe loading=\"lazy\" title=\"under construction! 27.+28.02. P8\/ 13.+14.03. F LAB\" src=\"https:\/\/player.vimeo.com\/video\/1158853377?dnt=1&amp;app_id=122963\" width=\"525\" height=\"295\" frameborder=\"0\" allow=\"autoplay; fullscreen; picture-in-picture; clipboard-write; encrypted-media; web-share\" referrerpolicy=\"strict-origin-when-cross-origin\"><\/iframe>\n<\/div><\/figure>\n\n\n\n<p class=\"has-text-align-center has-large-font-size\"><strong>F\u00fcr Lo\u00efe<\/strong><\/p>\n\n\n\n<p class=\"has-text-align-center has-medium-font-size\"><strong>Schlosskonzerte Karlsruhe November 2025 im Jazzklub Karlsruhe<\/strong><\/p>\n\n\n\n<p class=\"has-text-align-center\">Regie: Boris von Poser <\/p>\n\n\n\n<p class=\"has-text-align-center\">B\u00fchnenbild und Kost\u00fcm: Cornelia Brunn<\/p>\n\n\n\n<p class=\"has-text-align-center\">Musikalische Leitung: Aglaia B\u00e4tzner<\/p>\n\n\n\n<p class=\"has-text-align-center\">Produzentin: Malika Reyad<\/p>\n\n\n\n<figure class=\"wp-block-image size-large\"><img loading=\"lazy\" decoding=\"async\" width=\"1024\" height=\"683\" src=\"https:\/\/nordnordwest.de\/wordpress\/wp-content\/uploads\/2026\/01\/2025-11-06-201027-_DSC7683-1024x683.jpeg\" alt=\"\" class=\"wp-image-417\" srcset=\"https:\/\/nordnordwest.de\/wordpress\/wp-content\/uploads\/2026\/01\/2025-11-06-201027-_DSC7683-1024x683.jpeg 1024w, https:\/\/nordnordwest.de\/wordpress\/wp-content\/uploads\/2026\/01\/2025-11-06-201027-_DSC7683-300x200.jpeg 300w, https:\/\/nordnordwest.de\/wordpress\/wp-content\/uploads\/2026\/01\/2025-11-06-201027-_DSC7683-768x512.jpeg 768w, https:\/\/nordnordwest.de\/wordpress\/wp-content\/uploads\/2026\/01\/2025-11-06-201027-_DSC7683.jpeg 1280w\" sizes=\"auto, (max-width: 767px) 89vw, (max-width: 1000px) 54vw, (max-width: 1071px) 543px, 580px\" \/><figcaption class=\"wp-element-caption\">Foto: Johannes Wu<\/figcaption><\/figure>\n\n\n\n<figure class=\"wp-block-image size-large\"><img loading=\"lazy\" decoding=\"async\" width=\"1024\" height=\"683\" src=\"https:\/\/nordnordwest.de\/wordpress\/wp-content\/uploads\/2026\/01\/2025-11-06-194933-_DSC7638-1024x683.jpeg\" alt=\"\" class=\"wp-image-418\" srcset=\"https:\/\/nordnordwest.de\/wordpress\/wp-content\/uploads\/2026\/01\/2025-11-06-194933-_DSC7638-1024x683.jpeg 1024w, https:\/\/nordnordwest.de\/wordpress\/wp-content\/uploads\/2026\/01\/2025-11-06-194933-_DSC7638-300x200.jpeg 300w, https:\/\/nordnordwest.de\/wordpress\/wp-content\/uploads\/2026\/01\/2025-11-06-194933-_DSC7638-768x512.jpeg 768w, https:\/\/nordnordwest.de\/wordpress\/wp-content\/uploads\/2026\/01\/2025-11-06-194933-_DSC7638.jpeg 1280w\" sizes=\"auto, (max-width: 767px) 89vw, (max-width: 1000px) 54vw, (max-width: 1071px) 543px, 580px\" \/><figcaption class=\"wp-element-caption\">Foto: Johannes Wu<\/figcaption><\/figure>\n\n\n\n<p><\/p>\n\n\n\n<figure class=\"wp-block-image size-large\"><img loading=\"lazy\" decoding=\"async\" width=\"1024\" height=\"683\" src=\"https:\/\/nordnordwest.de\/wordpress\/wp-content\/uploads\/2026\/01\/2025-11-06-210145-_DSC7770-1024x683.jpeg\" alt=\"\" class=\"wp-image-419\" srcset=\"https:\/\/nordnordwest.de\/wordpress\/wp-content\/uploads\/2026\/01\/2025-11-06-210145-_DSC7770-1024x683.jpeg 1024w, https:\/\/nordnordwest.de\/wordpress\/wp-content\/uploads\/2026\/01\/2025-11-06-210145-_DSC7770-300x200.jpeg 300w, https:\/\/nordnordwest.de\/wordpress\/wp-content\/uploads\/2026\/01\/2025-11-06-210145-_DSC7770-768x512.jpeg 768w, https:\/\/nordnordwest.de\/wordpress\/wp-content\/uploads\/2026\/01\/2025-11-06-210145-_DSC7770.jpeg 1280w\" sizes=\"auto, (max-width: 767px) 89vw, (max-width: 1000px) 54vw, (max-width: 1071px) 543px, 580px\" \/><figcaption class=\"wp-element-caption\">Foto: Johannes Wu<\/figcaption><\/figure>\n\n\n\n<p><\/p>\n\n\n\n<p class=\"has-text-align-center has-medium-font-size\"><strong>Under Construction \u2013 eine Science Fiction in Bewegung<\/strong><\/p>\n\n\n\n<p class=\"has-text-align-center\"><strong>Cie.los unter der Leitung von Klaut Teich und Katrin Panitz<\/strong><\/p>\n\n\n\n<p class=\"has-text-align-center has-medium-font-size\"><strong>November 2024 in P8 Karlsruhe<\/strong><\/p>\n\n\n<div class=\"wp-block-image\">\n<figure class=\"aligncenter size-large\"><img loading=\"lazy\" decoding=\"async\" width=\"1024\" height=\"681\" src=\"http:\/\/nordnordwest.de\/wordpress\/wp-content\/uploads\/2025\/01\/20241122_UnderConstruction_108_HiRes-1024x681.jpg\" alt=\"\" class=\"wp-image-374\" srcset=\"https:\/\/nordnordwest.de\/wordpress\/wp-content\/uploads\/2025\/01\/20241122_UnderConstruction_108_HiRes-1024x681.jpg 1024w, https:\/\/nordnordwest.de\/wordpress\/wp-content\/uploads\/2025\/01\/20241122_UnderConstruction_108_HiRes-300x200.jpg 300w, https:\/\/nordnordwest.de\/wordpress\/wp-content\/uploads\/2025\/01\/20241122_UnderConstruction_108_HiRes-768x511.jpg 768w, https:\/\/nordnordwest.de\/wordpress\/wp-content\/uploads\/2025\/01\/20241122_UnderConstruction_108_HiRes-1536x1022.jpg 1536w, https:\/\/nordnordwest.de\/wordpress\/wp-content\/uploads\/2025\/01\/20241122_UnderConstruction_108_HiRes-2048x1363.jpg 2048w\" sizes=\"auto, (max-width: 767px) 89vw, (max-width: 1000px) 54vw, (max-width: 1071px) 543px, 580px\" \/><figcaption class=\"wp-element-caption\"><strong>The Crew<\/strong><\/figcaption><\/figure>\n<\/div>\n\n\n<figure class=\"wp-block-image size-large\"><img loading=\"lazy\" decoding=\"async\" width=\"1024\" height=\"681\" src=\"http:\/\/nordnordwest.de\/wordpress\/wp-content\/uploads\/2025\/01\/20241122_UnderConstruction_034_HiRes-1024x681.jpg\" alt=\"\" class=\"wp-image-376\" srcset=\"https:\/\/nordnordwest.de\/wordpress\/wp-content\/uploads\/2025\/01\/20241122_UnderConstruction_034_HiRes-1024x681.jpg 1024w, https:\/\/nordnordwest.de\/wordpress\/wp-content\/uploads\/2025\/01\/20241122_UnderConstruction_034_HiRes-300x200.jpg 300w, https:\/\/nordnordwest.de\/wordpress\/wp-content\/uploads\/2025\/01\/20241122_UnderConstruction_034_HiRes-768x511.jpg 768w, https:\/\/nordnordwest.de\/wordpress\/wp-content\/uploads\/2025\/01\/20241122_UnderConstruction_034_HiRes-1536x1022.jpg 1536w, https:\/\/nordnordwest.de\/wordpress\/wp-content\/uploads\/2025\/01\/20241122_UnderConstruction_034_HiRes-2048x1363.jpg 2048w\" sizes=\"auto, (max-width: 767px) 89vw, (max-width: 1000px) 54vw, (max-width: 1071px) 543px, 580px\" \/><\/figure>\n\n\n<div class=\"wp-block-image\">\n<figure class=\"aligncenter size-large\"><img loading=\"lazy\" decoding=\"async\" width=\"1024\" height=\"681\" src=\"http:\/\/nordnordwest.de\/wordpress\/wp-content\/uploads\/2025\/01\/20241122_UnderConstruction_015_HiRes-1024x681.jpg\" alt=\"\" class=\"wp-image-378\" srcset=\"https:\/\/nordnordwest.de\/wordpress\/wp-content\/uploads\/2025\/01\/20241122_UnderConstruction_015_HiRes-1024x681.jpg 1024w, https:\/\/nordnordwest.de\/wordpress\/wp-content\/uploads\/2025\/01\/20241122_UnderConstruction_015_HiRes-300x200.jpg 300w, https:\/\/nordnordwest.de\/wordpress\/wp-content\/uploads\/2025\/01\/20241122_UnderConstruction_015_HiRes-768x511.jpg 768w, https:\/\/nordnordwest.de\/wordpress\/wp-content\/uploads\/2025\/01\/20241122_UnderConstruction_015_HiRes-1536x1022.jpg 1536w, https:\/\/nordnordwest.de\/wordpress\/wp-content\/uploads\/2025\/01\/20241122_UnderConstruction_015_HiRes-2048x1363.jpg 2048w\" sizes=\"auto, (max-width: 767px) 89vw, (max-width: 1000px) 54vw, (max-width: 1071px) 543px, 580px\" \/><\/figure>\n<\/div>\n\n\n<figure class=\"wp-block-image size-large\"><img loading=\"lazy\" decoding=\"async\" width=\"1024\" height=\"681\" src=\"http:\/\/nordnordwest.de\/wordpress\/wp-content\/uploads\/2025\/01\/20241122_UnderConstruction_039_HiRes-1024x681.jpg\" alt=\"\" class=\"wp-image-375\" srcset=\"https:\/\/nordnordwest.de\/wordpress\/wp-content\/uploads\/2025\/01\/20241122_UnderConstruction_039_HiRes-1024x681.jpg 1024w, https:\/\/nordnordwest.de\/wordpress\/wp-content\/uploads\/2025\/01\/20241122_UnderConstruction_039_HiRes-300x200.jpg 300w, https:\/\/nordnordwest.de\/wordpress\/wp-content\/uploads\/2025\/01\/20241122_UnderConstruction_039_HiRes-768x511.jpg 768w, https:\/\/nordnordwest.de\/wordpress\/wp-content\/uploads\/2025\/01\/20241122_UnderConstruction_039_HiRes-1536x1022.jpg 1536w, https:\/\/nordnordwest.de\/wordpress\/wp-content\/uploads\/2025\/01\/20241122_UnderConstruction_039_HiRes-2048x1363.jpg 2048w\" sizes=\"auto, (max-width: 767px) 89vw, (max-width: 1000px) 54vw, (max-width: 1071px) 543px, 580px\" \/><figcaption class=\"wp-element-caption\"><strong>Fotos Chiara Bellamoli<\/strong><\/figcaption><\/figure>\n\n\n\n<p class=\"has-text-align-center has-white-color has-text-color has-medium-font-size\">&#8218;Innerstes des Schweigens&#8216;-von Olaf Schmidt und Co-Regisseur Boris von Poser<\/p>\n\n\n\n<p class=\"has-text-align-center has-white-color has-text-color has-medium-font-size\">nach Motiven von Virginia Woolf    <\/p>\n\n\n\n<figure class=\"wp-block-image size-large\"><img loading=\"lazy\" decoding=\"async\" width=\"1024\" height=\"698\" src=\"https:\/\/nordnordwest.de\/wordpress\/wp-content\/uploads\/2024\/09\/Schweigen009905-1024x698.jpg\" alt=\"\" class=\"wp-image-349\" srcset=\"https:\/\/nordnordwest.de\/wordpress\/wp-content\/uploads\/2024\/09\/Schweigen009905-1024x698.jpg 1024w, https:\/\/nordnordwest.de\/wordpress\/wp-content\/uploads\/2024\/09\/Schweigen009905-300x204.jpg 300w, https:\/\/nordnordwest.de\/wordpress\/wp-content\/uploads\/2024\/09\/Schweigen009905-768x523.jpg 768w, https:\/\/nordnordwest.de\/wordpress\/wp-content\/uploads\/2024\/09\/Schweigen009905-1536x1046.jpg 1536w, https:\/\/nordnordwest.de\/wordpress\/wp-content\/uploads\/2024\/09\/Schweigen009905-2048x1395.jpg 2048w\" sizes=\"auto, (max-width: 767px) 89vw, (max-width: 1000px) 54vw, (max-width: 1071px) 543px, 580px\" \/><figcaption class=\"wp-element-caption\">Foto: Andreas Tamme &#8211; tonwert21.de\n\nTheater L\u00fcneburg \n\nDAS INNERSTE DES SCHWEIGENS (Ballett)<\/figcaption><\/figure>\n\n\n\n<p class=\"has-text-align-center has-white-color has-text-color has-medium-font-size\">                         Theater L\u00fcneburg Januar-April 2024                            <\/p>\n\n\n\n<figure class=\"wp-block-image size-large\"><img loading=\"lazy\" decoding=\"async\" width=\"1024\" height=\"642\" src=\"https:\/\/nordnordwest.de\/wordpress\/wp-content\/uploads\/2024\/09\/Schweigen009996-1024x642.jpg\" alt=\"\" class=\"wp-image-350\" srcset=\"https:\/\/nordnordwest.de\/wordpress\/wp-content\/uploads\/2024\/09\/Schweigen009996-1024x642.jpg 1024w, https:\/\/nordnordwest.de\/wordpress\/wp-content\/uploads\/2024\/09\/Schweigen009996-300x188.jpg 300w, https:\/\/nordnordwest.de\/wordpress\/wp-content\/uploads\/2024\/09\/Schweigen009996-768x481.jpg 768w, https:\/\/nordnordwest.de\/wordpress\/wp-content\/uploads\/2024\/09\/Schweigen009996-1536x963.jpg 1536w, https:\/\/nordnordwest.de\/wordpress\/wp-content\/uploads\/2024\/09\/Schweigen009996-2048x1283.jpg 2048w\" sizes=\"auto, (max-width: 767px) 89vw, (max-width: 1000px) 54vw, (max-width: 1071px) 543px, 580px\" \/><figcaption class=\"wp-element-caption\">Foto: Andreas Tamme &#8211; tonwert21.de\n\nTheater L\u00fcneburg \n\nDAS INNERSTE DES SCHWEIGENS (Ballett)<\/figcaption><\/figure>\n\n\n\n<figure class=\"wp-block-image size-large\"><img loading=\"lazy\" decoding=\"async\" width=\"755\" height=\"1024\" src=\"http:\/\/nordnordwest.de\/wordpress\/wp-content\/uploads\/2024\/03\/Schweigen010047-755x1024.jpg\" alt=\"\" class=\"wp-image-328\" srcset=\"https:\/\/nordnordwest.de\/wordpress\/wp-content\/uploads\/2024\/03\/Schweigen010047-755x1024.jpg 755w, https:\/\/nordnordwest.de\/wordpress\/wp-content\/uploads\/2024\/03\/Schweigen010047-221x300.jpg 221w, https:\/\/nordnordwest.de\/wordpress\/wp-content\/uploads\/2024\/03\/Schweigen010047-768x1041.jpg 768w, https:\/\/nordnordwest.de\/wordpress\/wp-content\/uploads\/2024\/03\/Schweigen010047-1133x1536.jpg 1133w, https:\/\/nordnordwest.de\/wordpress\/wp-content\/uploads\/2024\/03\/Schweigen010047-1510x2048.jpg 1510w, https:\/\/nordnordwest.de\/wordpress\/wp-content\/uploads\/2024\/03\/Schweigen010047.jpg 1531w\" sizes=\"auto, (max-width: 706px) 89vw, (max-width: 767px) 82vw, 740px\" \/><figcaption class=\"wp-element-caption\">Foto: Andreas Tamme &#8211; tonwert21.de\n\nTheater L\u00fcneburg \n\nDAS INNERSTE DES SCHWEIGENS (Ballett)<\/figcaption><\/figure>\n\n\n\n<figure class=\"wp-block-image size-large is-resized\"><img loading=\"lazy\" decoding=\"async\" width=\"1024\" height=\"494\" src=\"http:\/\/nordnordwest.de\/wordpress\/wp-content\/uploads\/2022\/04\/D226220B-AED9-4DA9-A-1024x494.jpg\" alt=\"\" class=\"wp-image-259\" style=\"width:674px;height:325px\" srcset=\"https:\/\/nordnordwest.de\/wordpress\/wp-content\/uploads\/2022\/04\/D226220B-AED9-4DA9-A-1024x494.jpg 1024w, https:\/\/nordnordwest.de\/wordpress\/wp-content\/uploads\/2022\/04\/D226220B-AED9-4DA9-A-300x145.jpg 300w, https:\/\/nordnordwest.de\/wordpress\/wp-content\/uploads\/2022\/04\/D226220B-AED9-4DA9-A-768x371.jpg 768w, https:\/\/nordnordwest.de\/wordpress\/wp-content\/uploads\/2022\/04\/D226220B-AED9-4DA9-A-1536x741.jpg 1536w, https:\/\/nordnordwest.de\/wordpress\/wp-content\/uploads\/2022\/04\/D226220B-AED9-4DA9-A.jpg 1680w\" sizes=\"auto, (max-width: 767px) 89vw, (max-width: 1000px) 54vw, (max-width: 1071px) 543px, 580px\" \/><\/figure>\n\n\n\n<p class=\"has-text-align-center\">Immer wieder <\/p>\n\n\n\n<p class=\"has-text-align-center\">Altersgruppe 7-70!<\/p>\n\n\n\n<figure class=\"wp-block-image size-large is-resized\"><img loading=\"lazy\" decoding=\"async\" width=\"1024\" height=\"390\" src=\"http:\/\/nordnordwest.de\/wordpress\/wp-content\/uploads\/2022\/03\/20220727_ukraine_benefiz_fb_header_02-1024x390.jpg\" alt=\"\" class=\"wp-image-249\" style=\"width:674px;height:256px\" srcset=\"https:\/\/nordnordwest.de\/wordpress\/wp-content\/uploads\/2022\/03\/20220727_ukraine_benefiz_fb_header_02-1024x390.jpg 1024w, https:\/\/nordnordwest.de\/wordpress\/wp-content\/uploads\/2022\/03\/20220727_ukraine_benefiz_fb_header_02-300x114.jpg 300w, https:\/\/nordnordwest.de\/wordpress\/wp-content\/uploads\/2022\/03\/20220727_ukraine_benefiz_fb_header_02-768x292.jpg 768w, https:\/\/nordnordwest.de\/wordpress\/wp-content\/uploads\/2022\/03\/20220727_ukraine_benefiz_fb_header_02-1536x584.jpg 1536w, https:\/\/nordnordwest.de\/wordpress\/wp-content\/uploads\/2022\/03\/20220727_ukraine_benefiz_fb_header_02-2048x779.jpg 2048w\" sizes=\"auto, (max-width: 767px) 89vw, (max-width: 1000px) 54vw, (max-width: 1071px) 543px, 580px\" \/><\/figure>\n\n\n\n<p class=\"has-medium-font-size\">Gro\u00dfer Benefiz-Kulturtag im TOLLHAUS bringt 40.000 Euro f\u00fcr Ukraine<\/p>\n\n\n\n<p class=\"has-text-align-center has-medium-font-size\">Vielen Dank an Alle Beteiligten<\/p>\n\n\n\n<figure class=\"wp-block-embed is-type-video is-provider-youtube wp-block-embed-youtube wp-embed-aspect-16-9 wp-has-aspect-ratio\"><div class=\"wp-block-embed__wrapper\">\n<iframe loading=\"lazy\" title=\"Charlotte Bell &quot;Bewegung in der Stadt&quot; - Tanz Karlsruhe 2020\" width=\"525\" height=\"295\" src=\"https:\/\/www.youtube.com\/embed\/porhhE6XHzI?feature=oembed\" frameborder=\"0\" allow=\"accelerometer; autoplay; clipboard-write; encrypted-media; gyroscope; picture-in-picture; web-share\" referrerpolicy=\"strict-origin-when-cross-origin\" allowfullscreen><\/iframe>\n<\/div><\/figure>\n\n\n\n<p class=\"has-text-align-center\">In zusammen arbeit mit der Kultur Verein Tempel in der Film Reihe &#8222;Bewegung in der Stadt&#8220;<\/p>\n\n\n\n<p class=\"has-text-align-center\"><a href=\"http:\/\/www.kulturverein-tempel.de\/index.php?id=1012\">www.kulturverein-tempel.de<\/a><\/p>\n\n\n\n<p>Corona Virus Wipeout&#8230;&#8230;..again<\/p>\n\n\n\n<p>Residenzwochenende M\u00fcnchen am 24.10.20 mit Nicolle Klinkeberg+Charlotte Bell (Tanz), Karin Feneberg (Cembalo)<\/p>\n\n\n\n<p>Corona Virus Wipeout<\/p>\n\n\n\n<p class=\"has-text-align-center\"><\/p>\n\n\n\n<p><\/p>\n\n\n\n<p><\/p>\n","protected":false},"excerpt":{"rendered":"<p>&#8222;Smile&#8220; in the TanzAreal Benefiz Gala in March Under Construction restaged in P8, Karlsruhe and F Lab, Frankfurt F\u00fcr Lo\u00efe Schlosskonzerte Karlsruhe November 2025 im Jazzklub Karlsruhe Regie: Boris von Poser B\u00fchnenbild und Kost\u00fcm: Cornelia Brunn Musikalische Leitung: Aglaia B\u00e4tzner Produzentin: Malika Reyad Under Construction \u2013 eine Science Fiction in Bewegung Cie.los unter der Leitung &hellip; <\/p>\n<p class=\"link-more\"><a href=\"https:\/\/nordnordwest.de\/wordpress\/recent-past\/\" class=\"more-link\"><span class=\"screen-reader-text\">\u201ePast\u201c <\/span>weiterlesen<\/a><\/p>\n","protected":false},"author":1,"featured_media":0,"parent":0,"menu_order":0,"comment_status":"closed","ping_status":"closed","template":"","meta":{"footnotes":""},"class_list":["post-161","page","type-page","status-publish","hentry"],"_links":{"self":[{"href":"https:\/\/nordnordwest.de\/wordpress\/wp-json\/wp\/v2\/pages\/161","targetHints":{"allow":["GET"]}}],"collection":[{"href":"https:\/\/nordnordwest.de\/wordpress\/wp-json\/wp\/v2\/pages"}],"about":[{"href":"https:\/\/nordnordwest.de\/wordpress\/wp-json\/wp\/v2\/types\/page"}],"author":[{"embeddable":true,"href":"https:\/\/nordnordwest.de\/wordpress\/wp-json\/wp\/v2\/users\/1"}],"replies":[{"embeddable":true,"href":"https:\/\/nordnordwest.de\/wordpress\/wp-json\/wp\/v2\/comments?post=161"}],"version-history":[{"count":18,"href":"https:\/\/nordnordwest.de\/wordpress\/wp-json\/wp\/v2\/pages\/161\/revisions"}],"predecessor-version":[{"id":708,"href":"https:\/\/nordnordwest.de\/wordpress\/wp-json\/wp\/v2\/pages\/161\/revisions\/708"}],"wp:attachment":[{"href":"https:\/\/nordnordwest.de\/wordpress\/wp-json\/wp\/v2\/media?parent=161"}],"curies":[{"name":"wp","href":"https:\/\/api.w.org\/{rel}","templated":true}]}}